{"id":15,"date":"2019-03-06T12:11:44","date_gmt":"2019-03-06T12:11:44","guid":{"rendered":"https:\/\/xn--framtkamrater-sfb.se\/?page_id=15"},"modified":"2025-04-06T18:15:18","modified_gmt":"2025-04-06T18:15:18","slug":"plattform","status":"publish","type":"page","link":"https:\/\/xn--framtkamrater-sfb.se\/?page_id=15","title":{"rendered":"Plattform"},"content":{"rendered":"<\/p>\n<p><center><img loading=\"lazy\" decoding=\"async\" class=\"alignnone wp-image-564 size-full\" src=\"https:\/\/fram\u00e5tkamrater.se\/wp-content\/uploads\/2020\/05\/sessen.jpg\" alt=\"\" width=\"1536\" height=\"1152\" srcset=\"https:\/\/fram\u00e5tkamrater.se\/wp-content\/uploads\/2020\/05\/sessen.jpg 1536w, https:\/\/fram\u00e5tkamrater.se\/wp-content\/uploads\/2020\/05\/sessen-300x225.jpg 300w, https:\/\/fram\u00e5tkamrater.se\/wp-content\/uploads\/2020\/05\/sessen-1024x768.jpg 1024w, https:\/\/fram\u00e5tkamrater.se\/wp-content\/uploads\/2020\/05\/sessen-768x576.jpg 768w\" sizes=\"auto, (max-width: 1536px) 100vw, 1536px\" \/><\/center><\/p>\n\n\n<h3 class=\"wp-block-heading\">Klass och organisationens roll<\/h3>\n\n\n\n<p>Vi menar att arbetarklassen \u00e4r en exploaterad grupp i samh\u00e4llet. Det inneb\u00e4r att vi skapar mer v\u00e4rde \u00e4n vad vi f\u00e5r ut i betalning f\u00f6r v\u00e5rt arbete. De som tillgodoser sig merv\u00e4rdet \u00e4r kapitalistklassen. Det \u00e4r de som \u00e4ger produktionsmedlen, det vill s\u00e4ga allt det som tillsammans med m\u00e4nskligt arbete kr\u00e4vs f\u00f6r att producera en vara eller tj\u00e4nst. De lever p\u00e5 sin utsugning av v\u00e5rt arbete. Det finns en sj\u00e4lvklar konflikt oss emellan, och det \u00e4r den som vi kallar f\u00f6r klasskamp. Den \u00e4r grunden f\u00f6r det kapitalistiska systemet, och finns st\u00e4ndigt n\u00e4rvarande i hela samh\u00e4llet.<\/p>\n\n\n\n<p>Mellan arbetarklassen och kapitalistklassen finns ett mellanskikt som b\u00e5de m\u00f6jligg\u00f6r och underst\u00f6djer exploatering, till exempel genom att arbetare till\u00e5ts leda, f\u00f6rdela och \u00f6vervaka arbete. Den h\u00e4r skiktningen bidrar till splittring av arbetarklassen och f\u00f6rsvagar v\u00e5r position gentemot kapitalistklassen.<\/p>\n\n\n\n<p>Vi vill avskaffa klassamh\u00e4llet, och det \u00e4r d\u00e4rf\u00f6r vi v\u00e4ljer att organisera oss. Vi tror varken p\u00e5 att passivt inv\u00e4nta revolution\u00e4ra situationer, eller att vi alltid skulle kunna leda kampen. Organisationens roll \u00e4r att delta i, underst\u00f6dja och sk\u00e4rpa de konflikter som oundvikligen uppst\u00e5r och p\u00e5g\u00e5r.<\/p>\n\n\n\n<p>Vi ska verka f\u00f6r att \u00f6ka arbetarklassens frihet p\u00e5 alla olika s\u00e4tt och framf\u00f6r allt v\u00e5r m\u00f6jlighet att k\u00e4mpa. Samtidigt m\u00e5ste vi f\u00f6rsvara det som vi redan uppn\u00e5tt. Vi vill f\u00f6ra samman kampen om dagspolitiska krav med det \u00f6vergripande m\u00e5let.<\/p>\n\n\n\n<p>Vi vill att arbetarklassen organiserar sig f\u00f6r ett samh\u00e4lle utan klasser eller stater d\u00e4r ingen blir exploaterad, vilket \u00e4r det vi vanligtvis kallar f\u00f6r kommunism.<\/p>\n\n\n\n<h3 class=\"wp-block-heading\">Vi vill skapa \u00e5t varandra liv som g\u00e5r att leva<\/h3>\n\n\n\n<p>Arbetarklassen \u00e4r heterogen, den best\u00e5r av olika identiteter och kategorier. Deras olika behov och krav m\u00e5ste tas p\u00e5 allvar inom klassen, men precis som att kategorierna kan vara en grund f\u00f6r organisering kan de anv\u00e4ndas f\u00f6r att splittra arbetarklassen.<\/p>\n\n\n\n<p>Eftersom kapitalistklassen f\u00f6rs\u00f6ker spela ut oss mot varandra \u00e4r det v\u00e5r uppfattning att vi som feministisk och antirasistisk organisation m\u00e5ste st\u00e4lla h\u00f6ga krav p\u00e5 oss sj\u00e4lva. F\u00f6reteelser som till exempel rasism, transfobi, homofobi och sexism splittrar och f\u00f6rsvagar oss, eftersom enigheten utg\u00f6r v\u00e5r styrka. Vi \u00e4r dessutom motst\u00e5ndare till f\u00f6rtrycket i sig sj\u00e4lvt, eftersom vi str\u00e4var efter alla arbetares fullst\u00e4ndiga frig\u00f6relse. Det \u00e4r v\u00e5r uppfattning att arbetarklassen aldrig kan leva fullv\u00e4rdiga liv under kapitalismen, men att det klassl\u00f6sa samh\u00e4llet inte \u00e4r en absolut garanti f\u00f6r hela m\u00e4nsklighetens frig\u00f6relse.<\/p>\n\n\n\n<h3 class=\"wp-block-heading\">Fascism och antifascism<\/h3>\n\n\n\n<p>Fascism \u00e4r klasskamp i den m\u00e5n att den \u00e4r ett aggressivt vapen mot arbetarr\u00f6relsens framsteg, eller en desperat \u00e5tg\u00e4rd f\u00f6r att beh\u00e5lla status quo. Dess form, uttryck och klassbas varierar beroende p\u00e5 kontext.<\/p>\n\n\n\n<p>Vi \u00e4r antifascister, av ren n\u00f6dv\u00e4ndighet i egenskap av stridbar arbetarr\u00f6relse och d\u00e4rf\u00f6r att vi p\u00e5 olika s\u00e4tt inte passar in i fascismens vulg\u00e4ra v\u00e4rldsbild. Det betyder att vi aktivt f\u00f6rs\u00f6ker f\u00f6rhindra fascistisk propagandaspridning och fascisters m\u00f6jlighet att organisera sig.<\/p>\n\n\n\n<h3 class=\"wp-block-heading\">Internationalism<\/h3>\n\n\n\n<p>Arbetare i alla l\u00e4nder har gemensamt att bli exploaterade och d\u00e4rmed ett gemensamt intresse av att bedriva klasskamp. Det \u00e4r d\u00e4rf\u00f6r viktigt att vi st\u00e5r i solidaritet med andra arbetares kamp var den \u00e4n bedrivs.<\/p>\n\n\n\n<p>Vi st\u00f6djer alla arbetares kamp f\u00f6r frihet och sj\u00e4lvbest\u00e4mmande. Denna frihetsstr\u00e4van kan inneb\u00e4ra detsamma som en str\u00e4van efter nationell sj\u00e4lvst\u00e4ndighet, men det inneb\u00e4r inte att vi per automatik st\u00f6djer alla statsbildningar som kommer ur en s\u00e5dan kamp.<\/p>\n\n\n\n<p>Organisationen vill ing\u00e5 i internationella n\u00e4tverk och samarbeten. V\u00e5r solidaritet \u00f6ver nationsgr\u00e4nser \u00e4r en styrka.<\/p>\n","protected":false},"excerpt":{"rendered":"<p>Klass och organisationens roll Vi menar att arbetarklassen \u00e4r en exploaterad grupp i samh\u00e4llet. Det inneb\u00e4r att vi skapar mer v\u00e4rde \u00e4n vad vi f\u00e5r ut i betalning f\u00f6r v\u00e5rt arbete. De som tillgodoser sig merv\u00e4rdet \u00e4r kapitalistklassen. Det \u00e4r de som \u00e4ger produktionsmedlen, det vill s\u00e4ga allt det som tillsammans med m\u00e4nskligt arbete kr\u00e4vs [&#8230;]<\/p>\n<p><a class=\"btn btn-secondary understrap-read-more-link\" href=\"https:\/\/xn--framtkamrater-sfb.se\/?page_id=15\">Read More&#8230;<span class=\"screen-reader-text\"> from Plattform<\/span><\/a><\/p>\n","protected":false},"author":1,"featured_media":0,"parent":0,"menu_order":0,"comment_status":"closed","ping_status":"closed","template":"","meta":{"footnotes":""},"class_list":["post-15","page","type-page","status-publish","hentry"],"_links":{"self":[{"href":"https:\/\/xn--framtkamrater-sfb.se\/index.php?rest_route=\/wp\/v2\/pages\/15","targetHints":{"allow":["GET"]}}],"collection":[{"href":"https:\/\/xn--framtkamrater-sfb.se\/index.php?rest_route=\/wp\/v2\/pages"}],"about":[{"href":"https:\/\/xn--framtkamrater-sfb.se\/index.php?rest_route=\/wp\/v2\/types\/page"}],"author":[{"embeddable":true,"href":"https:\/\/xn--framtkamrater-sfb.se\/index.php?rest_route=\/wp\/v2\/users\/1"}],"replies":[{"embeddable":true,"href":"https:\/\/xn--framtkamrater-sfb.se\/index.php?rest_route=%2Fwp%2Fv2%2Fcomments&post=15"}],"version-history":[{"count":5,"href":"https:\/\/xn--framtkamrater-sfb.se\/index.php?rest_route=\/wp\/v2\/pages\/15\/revisions"}],"predecessor-version":[{"id":920,"href":"https:\/\/xn--framtkamrater-sfb.se\/index.php?rest_route=\/wp\/v2\/pages\/15\/revisions\/920"}],"wp:attachment":[{"href":"https:\/\/xn--framtkamrater-sfb.se\/index.php?rest_route=%2Fwp%2Fv2%2Fmedia&parent=15"}],"curies":[{"name":"wp","href":"https:\/\/api.w.org\/{rel}","templated":true}]}}